{"id":14412,"date":"2026-07-31T13:42:17","date_gmt":"2026-07-31T17:42:17","guid":{"rendered":"https:\/\/www.burlingtongreen.org\/?post_type=events&#038;p=14412"},"modified":"2026-08-26T12:23:29","modified_gmt":"2026-08-26T16:23:29","slug":"evenement-de-plantation-d-arbres-de-la-communaute-verte","status":"publish","type":"events","link":"https:\/\/www.burlingtongreen.org\/fr\/events\/green-up-community-tree-planting-event\/","title":{"rendered":"\u00c9v\u00e9nement de plantation d\u2019arbres communautaires Green Up"},"content":{"rendered":"<div class=\"wp-block-columns is-layout-flex wp-container-core-columns-is-layout-7387b849 wp-block-columns-is-layout-flex\">\n<div class=\"wp-block-column is-layout-flow wp-block-column-is-layout-flow\" style=\"flex-basis:33.33%\">\n<div style=\"height:39px\" aria-hidden=\"true\" class=\"wp-block-spacer\"><\/div>\n\n\n\n<figure data-wp-context=\"{&quot;imageId&quot;:&quot;6a97e5c0e0428&quot;}\" data-wp-interactive=\"core\/image\" data-wp-key=\"6a97e5c0e0428\" class=\"wp-block-image size-large wp-lightbox-container\"><img fetchpriority=\"high\" decoding=\"async\" width=\"1024\" height=\"1024\" data-wp-class--hide=\"state.isContentHidden\" data-wp-class--show=\"state.isContentVisible\" data-wp-init=\"callbacks.setButtonStyles\" data-wp-on--click=\"actions.showLightbox\" data-wp-on--load=\"callbacks.setButtonStyles\" data-wp-on--pointerdown=\"actions.preloadImage\" data-wp-on--pointerenter=\"actions.preloadImageWithDelay\" data-wp-on--pointerleave=\"actions.cancelPreload\" data-wp-on-window--resize=\"callbacks.setButtonStyles\" src=\"https:\/\/www.burlingtongreen.org\/wp-content\/uploads\/2021\/02\/green-up-2019-content-1024x1024.jpg\" alt=\"\" class=\"wp-image-2457\" srcset=\"https:\/\/www.burlingtongreen.org\/wp-content\/uploads\/2021\/02\/green-up-2019-content-1024x1024.jpg 1024w, https:\/\/www.burlingtongreen.org\/wp-content\/uploads\/2021\/02\/green-up-2019-content-300x300.jpg 300w, https:\/\/www.burlingtongreen.org\/wp-content\/uploads\/2021\/02\/green-up-2019-content-150x150.jpg 150w, https:\/\/www.burlingtongreen.org\/wp-content\/uploads\/2021\/02\/green-up-2019-content-768x768.jpg 768w, https:\/\/www.burlingtongreen.org\/wp-content\/uploads\/2021\/02\/green-up-2019-content.jpg 1500w\" sizes=\"(max-width: 1024px) 100vw, 1024px\" \/><button\n\t\t\tclass=\"lightbox-trigger\"\n\t\t\ttype=\"button\"\n\t\t\taria-haspopup=\"dialog\"\n\t\t\tdata-wp-bind--aria-label=\"state.thisImage.triggerButtonAriaLabel\"\n\t\t\tdata-wp-init=\"callbacks.initTriggerButton\"\n\t\t\tdata-wp-on--click=\"actions.showLightbox\"\n\t\t\tdata-wp-style--right=\"state.thisImage.buttonRight\"\n\t\t\tdata-wp-style--top=\"state.thisImage.buttonTop\"\n\t\t>\n\t\t\t<svg xmlns=\"http:\/\/www.w3.org\/2000\/svg\" width=\"12\" height=\"12\" fill=\"none\" viewbox=\"0 0 12 12\">\n\t\t\t\t<path fill=\"#fff\" d=\"M2 0a2 2 0 0 0-2 2v2h1.5V2a.5.5 0 0 1 .5-.5h2V0H2Zm2 10.5H2a.5.5 0 0 1-.5-.5V8H0v2a2 2 0 0 0 2 2h2v-1.5ZM8 12v-1.5h2a.5.5 0 0 0 .5-.5V8H12v2a2 2 0 0 1-2 2H8Zm2-12a2 2 0 0 1 2 2v2h-1.5V2a.5.5 0 0 0-.5-.5H8V0h2Z\" \/>\n\t\t\t<\/svg>\n\t\t<\/button><\/figure>\n\n\n\n<figure data-wp-context=\"{&quot;imageId&quot;:&quot;6a97e5c0e07b8&quot;}\" data-wp-interactive=\"core\/image\" data-wp-key=\"6a97e5c0e07b8\" class=\"wp-block-image size-large wp-lightbox-container\"><img decoding=\"async\" width=\"1024\" height=\"681\" data-wp-class--hide=\"state.isContentHidden\" data-wp-class--show=\"state.isContentVisible\" data-wp-init=\"callbacks.setButtonStyles\" data-wp-on--click=\"actions.showLightbox\" data-wp-on--load=\"callbacks.setButtonStyles\" data-wp-on--pointerdown=\"actions.preloadImage\" data-wp-on--pointerenter=\"actions.preloadImageWithDelay\" data-wp-on--pointerleave=\"actions.cancelPreload\" data-wp-on-window--resize=\"callbacks.setButtonStyles\" src=\"https:\/\/www.burlingtongreen.org\/wp-content\/uploads\/2026\/07\/tree_planting_content-1024x681.jpg\" alt=\"\" class=\"wp-image-32358\" srcset=\"https:\/\/www.burlingtongreen.org\/wp-content\/uploads\/2026\/07\/tree_planting_content-1024x681.jpg 1024w, https:\/\/www.burlingtongreen.org\/wp-content\/uploads\/2026\/07\/tree_planting_content-300x199.jpg 300w, https:\/\/www.burlingtongreen.org\/wp-content\/uploads\/2026\/07\/tree_planting_content-768x510.jpg 768w, https:\/\/www.burlingtongreen.org\/wp-content\/uploads\/2026\/07\/tree_planting_content-18x12.jpg 18w, https:\/\/www.burlingtongreen.org\/wp-content\/uploads\/2026\/07\/tree_planting_content.jpg 1500w\" sizes=\"(max-width: 1024px) 100vw, 1024px\" \/><button\n\t\t\tclass=\"lightbox-trigger\"\n\t\t\ttype=\"button\"\n\t\t\taria-haspopup=\"dialog\"\n\t\t\tdata-wp-bind--aria-label=\"state.thisImage.triggerButtonAriaLabel\"\n\t\t\tdata-wp-init=\"callbacks.initTriggerButton\"\n\t\t\tdata-wp-on--click=\"actions.showLightbox\"\n\t\t\tdata-wp-style--right=\"state.thisImage.buttonRight\"\n\t\t\tdata-wp-style--top=\"state.thisImage.buttonTop\"\n\t\t>\n\t\t\t<svg xmlns=\"http:\/\/www.w3.org\/2000\/svg\" width=\"12\" height=\"12\" fill=\"none\" viewbox=\"0 0 12 12\">\n\t\t\t\t<path fill=\"#fff\" d=\"M2 0a2 2 0 0 0-2 2v2h1.5V2a.5.5 0 0 1 .5-.5h2V0H2Zm2 10.5H2a.5.5 0 0 1-.5-.5V8H0v2a2 2 0 0 0 2 2h2v-1.5ZM8 12v-1.5h2a.5.5 0 0 0 .5-.5V8H12v2a2 2 0 0 1-2 2H8Zm2-12a2 2 0 0 1 2 2v2h-1.5V2a.5.5 0 0 0-.5-.5H8V0h2Z\" \/>\n\t\t\t<\/svg>\n\t\t<\/button><\/figure>\n<\/div>\n\n\n\n<div class=\"wp-block-column is-layout-flow wp-block-column-is-layout-flow\" style=\"flex-basis:66.66%\">\n<div style=\"height:43px\" aria-hidden=\"true\" class=\"wp-block-spacer\"><\/div>\n\n\n\n<h2 class=\"wp-block-heading has-green-med-color has-text-color has-link-color wp-elements-b4a35264edc1f672bbe5bb4be35f4608\"><strong>Cultivons ensemble la canop\u00e9e des arbres de Burlington\u00a0!<\/strong><\/h2>\n\n\n\n<p class=\"wp-block-paragraph\">Le personnel de BurlingtonGreen et des services forestiers de la ville de Burlington organise une plantation d&#039;arbres communautaire qui aura lieu de 9h30 \u00e0 midi le samedi 26 septembre 2026 au parc Longmoor.<br><br>Ensemble, nous planterons plus de 500 arbres indig\u00e8nes, et certains participants chanceux gagneront chacun un magnifique arbre \u00e0 planter chez eux \u00e0 Burlington !<\/p>\n\n\n\n<p class=\"wp-block-paragraph\"><strong>Les places sont limit\u00e9es pour cet \u00e9v\u00e9nement populaire. <\/strong><br><br><strong>Inscrivez-vous ci-dessous.<\/strong><\/p>\n\n\n\n<p class=\"wp-block-paragraph\"><\/p>\n\n\n\n<p class=\"wp-block-paragraph\"><\/p>\n\n\n\n<p class=\"wp-block-paragraph\"><\/p>\n\n\n\n<p class=\"wp-block-paragraph\"><\/p>\n\n\n<form action=\"https:\/\/www.burlingtongreen.org\/fr\/wp-json\/ws-form\/v1\/submit\" class=\"wsf-form wsf-form-canvas\" id=\"ws-form-1\" data-id=\"49\" method=\"POST\" data-instance-id=\"1\" data-wsf-style-id=\"1\" data-trp-original-action=\"https:\/\/www.burlingtongreen.org\/fr\/wp-json\/ws-form\/v1\/submit\"><input type=\"hidden\" name=\"trp-form-language\" value=\"fr\"\/><\/form>\n\n\n<figure class=\"wp-block-image alignleft size-medium is-resized\"><a href=\"https:\/\/treecanada.ca\/\" target=\"_blank\" rel=\" noreferrer noopener\"><img decoding=\"async\" width=\"300\" height=\"300\" src=\"https:\/\/www.burlingtongreen.org\/wp-content\/uploads\/2026\/03\/tree-canada-colour-vertical-en-fr1-300x300.jpg\" alt=\"\" class=\"wp-image-32337\" style=\"width:272px;height:auto\" srcset=\"https:\/\/www.burlingtongreen.org\/wp-content\/uploads\/2026\/03\/tree-canada-colour-vertical-en-fr1-300x300.jpg 300w, https:\/\/www.burlingtongreen.org\/wp-content\/uploads\/2026\/03\/tree-canada-colour-vertical-en-fr1-1024x1024.jpg 1024w, https:\/\/www.burlingtongreen.org\/wp-content\/uploads\/2026\/03\/tree-canada-colour-vertical-en-fr1-150x150.jpg 150w, https:\/\/www.burlingtongreen.org\/wp-content\/uploads\/2026\/03\/tree-canada-colour-vertical-en-fr1-768x768.jpg 768w, https:\/\/www.burlingtongreen.org\/wp-content\/uploads\/2026\/03\/tree-canada-colour-vertical-en-fr1-12x12.jpg 12w, https:\/\/www.burlingtongreen.org\/wp-content\/uploads\/2026\/03\/tree-canada-colour-vertical-en-fr1.jpg 1051w\" sizes=\"(max-width: 300px) 100vw, 300px\" \/><\/a><\/figure>\n<\/div>\n<\/div>\n\n\n\n<p class=\"has-text-align-center wp-block-paragraph\">Ce projet a \u00e9t\u00e9 rendu possible en grande partie gr\u00e2ce \u00e0 Arbre Canada. <a href=\"https:\/\/treecanada.ca\/grants-awards\/community-tree-grants\/\" target=\"_blank\" rel=\"noopener\">Subvention pour les arbres communautaires<\/a>.<\/p>\n\n\n\n<hr class=\"wp-block-separator has-text-color has-text-grey-med-color has-alpha-channel-opacity has-text-grey-med-background-color has-background\"\/>\n\n\n\n<div style=\"height:73px\" aria-hidden=\"true\" class=\"wp-block-spacer\"><\/div>\n\n\n\n<h6 class=\"wp-block-heading has-text-align-center has-green-med-color has-text-color\" style=\"font-size:24px\"><strong>2026 PARTENAIRES DU NETTOYAGE ET DE L&#039;\u00c9COLOGIE DE LA COMMUNAUT\u00c9<\/strong><\/h6>\n\n\n\n<div style=\"height:30px\" aria-hidden=\"true\" class=\"wp-block-spacer\"><\/div>\n\n\n\n<p class=\"has-text-align-center has-green-med-color has-text-color has-medium-font-size wp-block-paragraph\"><strong>PRINCIPAUX SOUTIENS <\/strong><\/p>\n\n\n\n<div style=\"height:17px\" aria-hidden=\"true\" class=\"wp-block-spacer\"><\/div>\n\n\n\n<div class=\"wp-block-columns is-layout-flex wp-container-core-columns-is-layout-7387b849 wp-block-columns-is-layout-flex\">\n<div class=\"wp-block-column is-layout-flow wp-block-column-is-layout-flow\" style=\"flex-basis:40px\"><\/div>\n\n\n\n<div class=\"wp-block-column is-layout-flow wp-block-column-is-layout-flow\">\n<div style=\"height:0px\" aria-hidden=\"true\" class=\"wp-block-spacer\"><\/div>\n\n\n\n<figure class=\"wp-block-image aligncenter size-full\"><a href=\"https:\/\/www.burlington.ca\/en\/index.asp\" target=\"_blank\" rel=\"noopener\"><img loading=\"lazy\" decoding=\"async\" width=\"276\" height=\"90\" src=\"https:\/\/www.burlingtongreen.org\/wp-content\/uploads\/2021\/02\/city-logo-custom-4.jpg\" alt=\"\" class=\"wp-image-4656\"\/><\/a><\/figure>\n\n\n\n<div style=\"height:51px\" aria-hidden=\"true\" class=\"wp-block-spacer\"><\/div>\n<\/div>\n\n\n\n<div class=\"wp-block-column is-layout-flow wp-block-column-is-layout-flow\">\n<figure class=\"wp-block-image size-full\"><a href=\"https:\/\/otf.ca\/\" target=\"_blank\" rel=\" noreferrer noopener\"><img loading=\"lazy\" decoding=\"async\" width=\"340\" height=\"157\" src=\"https:\/\/www.burlingtongreen.org\/wp-content\/uploads\/2021\/02\/otf-colour-b-logo-custom-.jpg\" alt=\"\" class=\"wp-image-4665\" srcset=\"https:\/\/www.burlingtongreen.org\/wp-content\/uploads\/2021\/02\/otf-colour-b-logo-custom-.jpg 340w, https:\/\/www.burlingtongreen.org\/wp-content\/uploads\/2021\/02\/otf-colour-b-logo-custom--300x139.jpg 300w\" sizes=\"(max-width: 340px) 100vw, 340px\" \/><\/a><\/figure>\n<\/div>\n\n\n\n<div class=\"wp-block-column is-layout-flow wp-block-column-is-layout-flow\" style=\"flex-basis:40px\"><\/div>\n<\/div>\n\n\n\n<div class=\"wp-block-columns is-layout-flex wp-container-core-columns-is-layout-7387b849 wp-block-columns-is-layout-flex\">\n<div class=\"wp-block-column is-layout-flow wp-block-column-is-layout-flow\" style=\"flex-basis:40px\"><\/div>\n\n\n\n<div class=\"wp-block-column is-layout-flow wp-block-column-is-layout-flow\">\n<p class=\"has-text-align-center has-green-med-color has-text-color has-medium-font-size wp-block-paragraph\"><strong>PARTENAIRE COMMUNAUTAIRE<\/strong><\/p>\n\n\n\n<figure class=\"wp-block-image aligncenter size-full is-resized\"><a href=\"https:\/\/portal.clubrunner.ca\/144\/\" target=\"_blank\" rel=\"noreferrer noopener\"><img loading=\"lazy\" decoding=\"async\" width=\"885\" height=\"402\" src=\"https:\/\/www.burlingtongreen.org\/wp-content\/uploads\/2026\/04\/rotary_central_2026.jpg\" alt=\"\" class=\"wp-image-31028\" style=\"aspect-ratio:1.8355956921696208;width:343px;height:auto\" srcset=\"https:\/\/www.burlingtongreen.org\/wp-content\/uploads\/2026\/04\/rotary_central_2026.jpg 885w, https:\/\/www.burlingtongreen.org\/wp-content\/uploads\/2026\/04\/rotary_central_2026-300x136.jpg 300w, https:\/\/www.burlingtongreen.org\/wp-content\/uploads\/2026\/04\/rotary_central_2026-768x349.jpg 768w, https:\/\/www.burlingtongreen.org\/wp-content\/uploads\/2026\/04\/rotary_central_2026-18x8.jpg 18w\" sizes=\"(max-width: 885px) 100vw, 885px\" \/><\/a><\/figure>\n\n\n\n<p class=\"has-text-align-center has-green-med-color has-text-color has-medium-font-size wp-block-paragraph\"><strong>COMMANDITAIRE D&#039;ARBRE<\/strong><\/p>\n\n\n\n<div style=\"height:21px\" aria-hidden=\"true\" class=\"wp-block-spacer\"><\/div>\n\n\n\n<figure class=\"wp-block-image aligncenter size-full is-resized\"><a href=\"https:\/\/burlingtoncentre.ca\/sustainability\/\" target=\"_blank\" rel=\"noreferrer noopener\"><img loading=\"lazy\" decoding=\"async\" width=\"538\" height=\"140\" src=\"https:\/\/www.burlingtongreen.org\/wp-content\/uploads\/2021\/03\/burl-centre-logo-custom.jpg\" alt=\"\" class=\"wp-image-7326\" style=\"width:258px;height:auto\" srcset=\"https:\/\/www.burlingtongreen.org\/wp-content\/uploads\/2021\/03\/burl-centre-logo-custom.jpg 538w, https:\/\/www.burlingtongreen.org\/wp-content\/uploads\/2021\/03\/burl-centre-logo-custom-300x78.jpg 300w\" sizes=\"(max-width: 538px) 100vw, 538px\" \/><\/a><\/figure>\n\n\n\n<div style=\"height:67px\" aria-hidden=\"true\" class=\"wp-block-spacer\"><\/div>\n\n\n\n<p class=\"has-text-align-center has-green-med-color has-text-color has-medium-font-size wp-block-paragraph\"><strong>COMMANDITAIRES DE LA FEUILLE<\/strong><\/p>\n\n\n\n<div class=\"wp-block-columns is-layout-flex wp-container-core-columns-is-layout-7387b849 wp-block-columns-is-layout-flex\">\n<div class=\"wp-block-column is-layout-flow wp-block-column-is-layout-flow\">\n<div style=\"height:36px\" aria-hidden=\"true\" class=\"wp-block-spacer\"><\/div>\n\n\n\n<figure class=\"wp-block-image aligncenter size-medium\"><a href=\"https:\/\/rsales.ca\/\" target=\"_blank\" rel=\" noreferrer noopener\"><img loading=\"lazy\" decoding=\"async\" width=\"300\" height=\"55\" src=\"https:\/\/www.burlingtongreen.org\/wp-content\/uploads\/2024\/03\/ig_wealth_logo_custom-300x55.png\" alt=\"\" class=\"wp-image-30733\" srcset=\"https:\/\/www.burlingtongreen.org\/wp-content\/uploads\/2024\/03\/ig_wealth_logo_custom-300x55.png 300w, https:\/\/www.burlingtongreen.org\/wp-content\/uploads\/2024\/03\/ig_wealth_logo_custom-768x140.png 768w, https:\/\/www.burlingtongreen.org\/wp-content\/uploads\/2024\/03\/ig_wealth_logo_custom-18x3.png 18w, https:\/\/www.burlingtongreen.org\/wp-content\/uploads\/2024\/03\/ig_wealth_logo_custom.png 908w\" sizes=\"(max-width: 300px) 100vw, 300px\" \/><\/a><\/figure>\n<\/div>\n\n\n\n<div class=\"wp-block-column is-layout-flow wp-block-column-is-layout-flow\">\n<figure class=\"wp-block-image aligncenter size-thumbnail is-resized\" style=\"margin-top:30px;margin-right:30px;margin-bottom:30px;margin-left:30px\"><a href=\"https:\/\/bunzlcanada.ca\/\" target=\"_blank\" rel=\" noreferrer noopener\"><img loading=\"lazy\" decoding=\"async\" width=\"150\" height=\"150\" src=\"https:\/\/www.burlingtongreen.org\/wp-content\/uploads\/2024\/03\/bunzl_global_logo-150x150.png\" alt=\"\" class=\"wp-image-30550\" style=\"width:164px;height:auto\" srcset=\"https:\/\/www.burlingtongreen.org\/wp-content\/uploads\/2024\/03\/bunzl_global_logo-150x150.png 150w, https:\/\/www.burlingtongreen.org\/wp-content\/uploads\/2024\/03\/bunzl_global_logo-11x12.png 11w\" sizes=\"(max-width: 150px) 100vw, 150px\" \/><\/a><\/figure>\n<\/div>\n<\/div>\n\n\n\n<p class=\"has-text-align-center has-green-med-color has-text-color has-medium-font-size wp-block-paragraph\"><strong>SPONSOR DE SEMENCE<\/strong><\/p>\n<\/div>\n\n\n\n<div class=\"wp-block-column is-layout-flow wp-block-column-is-layout-flow\" style=\"flex-basis:40px\"><\/div>\n<\/div>\n\n\n\n<div class=\"wp-block-columns is-layout-flex wp-container-core-columns-is-layout-7387b849 wp-block-columns-is-layout-flex\">\n<div class=\"wp-block-column is-layout-flow wp-block-column-is-layout-flow\">\n<div class=\"wp-block-columns is-layout-flex wp-container-core-columns-is-layout-7387b849 wp-block-columns-is-layout-flex\">\n<div class=\"wp-block-column is-layout-flow wp-block-column-is-layout-flow\"><\/div>\n\n\n\n<div class=\"wp-block-column is-layout-flow wp-block-column-is-layout-flow\"><\/div>\n<\/div>\n<\/div>\n\n\n\n<div class=\"wp-block-column is-layout-flow wp-block-column-is-layout-flow\">\n<p class=\"has-text-align-center wp-block-paragraph\"><a href=\"https:\/\/djb.com\/\" target=\"_blank\" rel=\"noreferrer noopener\"><strong>DJB Comptables Professionnels Agr\u00e9\u00e9s<\/strong><\/a><\/p>\n<\/div>\n\n\n\n<div class=\"wp-block-column is-layout-flow wp-block-column-is-layout-flow\"><\/div>\n<\/div>\n\n\n\n<div style=\"height:55px\" aria-hidden=\"true\" class=\"wp-block-spacer\"><\/div>\n\n\n\n<p class=\"has-text-align-center has-green-dark-color has-text-color has-link-color wp-elements-62a275d9e59abf59cd782c62559a7e31 wp-block-paragraph\"><strong>Aidez BurlingtonGreen (un organisme de bienfaisance canadien enregistr\u00e9) \u00e0 continuer de fournir des programmes environnementaux communautaires efficaces.<br>Les dons de tous montants sont grandement appr\u00e9ci\u00e9s.<\/strong><\/p>\n\n\n\n<div class=\"wp-block-buttons is-content-justification-center is-layout-flex wp-container-core-buttons-is-layout-3e41869c wp-block-buttons-is-layout-flex\">\n<div class=\"wp-block-button is-style-bg-button-default\"><a class=\"wp-block-button__link has-green-med-background-color has-background wp-element-button\" href=\"https:\/\/www.burlingtongreen.org\/fr\/faire-un-don\/\">FAITES UN DON AUJOURD&#039;HUI\u00a0!<\/a><\/div>\n<\/div>\n\n\n\n<p class=\"wp-block-paragraph\"><\/p>\n\n\n\n<p class=\"wp-block-paragraph\"><\/p>\n\n\n\n<p class=\"wp-block-paragraph\"><\/p>\n\n\n\n<p class=\"wp-block-paragraph\"><\/p>\n\n\n\n<p class=\"wp-block-paragraph\"><\/p>\n\n\n\n<p class=\"wp-block-paragraph\"><\/p>\n\n\n\n<p class=\"wp-block-paragraph\"><\/p>\n\n\n\n<p class=\"wp-block-paragraph\"><\/p>\n\n\n\n<p class=\"wp-block-paragraph\"><\/p>\n\n\n\n<p class=\"wp-block-paragraph\"><\/p>\n\n\n\n<p class=\"wp-block-paragraph\"><\/p>\n\n\n\n<p class=\"wp-block-paragraph\"><\/p>\n\n\n\n<p class=\"wp-block-paragraph\"><\/p>\n\n\n\n<p class=\"wp-block-paragraph\"><\/p>\n\n\n\n<p class=\"wp-block-paragraph\"><\/p>\n\n\n\n<p class=\"wp-block-paragraph\"><\/p>\n\n\n\n<p class=\"wp-block-paragraph\"><\/p>\n\n\n\n<p class=\"wp-block-paragraph\"><\/p>\n\n\n\n<p class=\"wp-block-paragraph\"><\/p>\n\n\n\n<p class=\"wp-block-paragraph\"><\/p>\n\n\n\n<p class=\"wp-block-paragraph\"><\/p>\n\n\n\n<p class=\"wp-block-paragraph\"><\/p>\n\n\n\n<p class=\"wp-block-paragraph\"><\/p>\n\n\n\n<p class=\"wp-block-paragraph\"><\/p>\n\n\n\n<p class=\"wp-block-paragraph\"><\/p>\n\n\n\n<p class=\"wp-block-paragraph\"><\/p>\n\n\n\n<p class=\"wp-block-paragraph\"><\/p>\n\n\n\n<p class=\"wp-block-paragraph\"><\/p>\n\n\n\n<p class=\"wp-block-paragraph\">_<\/p>\n\n\n\n<p class=\"wp-block-paragraph\"><\/p>\n\n\n\n<p class=\"wp-block-paragraph\"><\/p>\n\n\n\n<p class=\"wp-block-paragraph\"><\/p>\n\n\n\n<p class=\"wp-block-paragraph\"><\/p>\n\n\n\n<p class=\"wp-block-paragraph\"><\/p>\n\n\n\n<p class=\"wp-block-paragraph\"><\/p>\n\n\n\n<p class=\"wp-block-paragraph\"><\/p>\n\n\n\n<p class=\"wp-block-paragraph\"><\/p>\n\n\n\n<p class=\"wp-block-paragraph\"><\/p>\n\n\n\n<p class=\"wp-block-paragraph\"><\/p>\n\n\n\n<p class=\"wp-block-paragraph\"><\/p>\n\n\n\n<p class=\"wp-block-paragraph\"><\/p>\n\n\n\n<p class=\"wp-block-paragraph\"><\/p>\n\n\n\n<p class=\"wp-block-paragraph\"><\/p>\n\n\n\n<p class=\"wp-block-paragraph\"><\/p>","protected":false},"excerpt":{"rendered":"<p>Let\u2019s Grow Burlington\u2019s Tree Canopy Together! BurlingtonGreen and City of Burlington Forestry staff are organizing a community tree planting to take place from 9:30 am to noon on Saturday, September 26, 2026, at Longmoor Park. Together we will plant 500+ native trees PLUS some lucky participants will each win a beautiful tree to plant at [&hellip;]<\/p>\n","protected":false},"featured_media":32359,"template":"","topics":[259,188,28,181],"class_list":["post-14412","events","type-events","status-publish","has-post-thumbnail","hentry","topics-action-on-climate","topics-clean-up-green-up","topics-nature-friendly-burlington","topics-together-we-make-a-difference"],"_links":{"self":[{"href":"https:\/\/www.burlingtongreen.org\/fr\/wp-json\/wp\/v2\/events\/14412","targetHints":{"allow":["GET"]}}],"collection":[{"href":"https:\/\/www.burlingtongreen.org\/fr\/wp-json\/wp\/v2\/events"}],"about":[{"href":"https:\/\/www.burlingtongreen.org\/fr\/wp-json\/wp\/v2\/types\/events"}],"wp:featuredmedia":[{"embeddable":true,"href":"https:\/\/www.burlingtongreen.org\/fr\/wp-json\/wp\/v2\/media\/32359"}],"wp:attachment":[{"href":"https:\/\/www.burlingtongreen.org\/fr\/wp-json\/wp\/v2\/media?parent=14412"}],"wp:term":[{"taxonomy":"topics","embeddable":true,"href":"https:\/\/www.burlingtongreen.org\/fr\/wp-json\/wp\/v2\/topics?post=14412"}],"curies":[{"name":"wp","href":"https:\/\/api.w.org\/{rel}","templated":true}]}}